{"id":244,"date":"2022-02-23T14:22:20","date_gmt":"2022-02-23T13:22:20","guid":{"rendered":"https:\/\/genty.org\/?page_id=244"},"modified":"2025-12-09T18:43:19","modified_gmt":"2025-12-09T17:43:19","slug":"equipe-avocats","status":"publish","type":"page","link":"https:\/\/genty.org\/equipe-avocats\/","title":{"rendered":"L&rsquo;\u00e9quipe"},"content":{"rendered":"<p>[et_pb_section fb_built=\u00a0\u00bb1&Prime; fullwidth=\u00a0\u00bbon\u00a0\u00bb admin_label=\u00a0\u00bbFULL Section\u00a0\u00bb _builder_version=\u00a0\u00bb4.17.3&Prime; background_color=\u00a0\u00bb#FFFFFF\u00a0\u00bb use_background_color_gradient=\u00a0\u00bbon\u00a0\u00bb background_color_gradient_stops=\u00a0\u00bbrgba(166,172,36,0.85) 0%|#a6ac24 100%\u00a0\u00bb background_color_gradient_start=\u00a0\u00bbrgba(166,172,36,0.85)\u00a0\u00bb background_color_gradient_end=\u00a0\u00bb#a6ac24&Prime; background_image=\u00a0\u00bbhttps:\/\/genty.org\/storage\/2022\/02\/justice-1.jpg\u00a0\u00bb background_size=\u00a0\u00bbcontain\u00a0\u00bb background_position=\u00a0\u00bbcenter_left\u00a0\u00bb background_blend=\u00a0\u00bbmultiply\u00a0\u00bb background_color_tablet=\u00a0\u00bbrgba(255,255,255,0.3)\u00a0\u00bb background_color_phone=\u00a0\u00bbrgba(255,255,255,0.5)\u00a0\u00bb background_enable_color_tablet=\u00a0\u00bbon\u00a0\u00bb background_enable_color_phone=\u00a0\u00bbon\u00a0\u00bb background_blend_tablet=\u00a0\u00bboverlay\u00a0\u00bb locked=\u00a0\u00bbon\u00a0\u00bb global_colors_info=\u00a0\u00bb{}\u00a0\u00bb][et_pb_fullwidth_header title=\u00a0\u00bbL&rsquo;\u00e9quipe\u00a0\u00bb subhead=\u00a0\u00bbCabinet d&rsquo;avocat GENTY\u00a0\u00bb background_overlay_color=\u00a0\u00bbRGBA(255,255,255,0)\u00a0\u00bb content_max_width=\u00a0\u00bb650px\u00a0\u00bb title_phone=\u00a0\u00bbFaire pencher la balance\u00a0\u00bb title_last_edited=\u00a0\u00bboff|desktop\u00a0\u00bb admin_label=\u00a0\u00bbEn-t\u00eate plein \u00e9cran\u00a0\u00bb _builder_version=\u00a0\u00bb4.16&Prime; title_font=\u00a0\u00bbPlayfair Display|900|||||||\u00a0\u00bb title_text_align=\u00a0\u00bbcenter\u00a0\u00bb title_text_color=\u00a0\u00bb#FFFFFF\u00a0\u00bb title_font_size=\u00a0\u00bb60px\u00a0\u00bb title_letter_spacing=\u00a0\u00bb1px\u00a0\u00bb title_line_height=\u00a0\u00bb1.2em\u00a0\u00bb content_font=\u00a0\u00bbPoppins||||||||\u00a0\u00bb content_font_size=\u00a0\u00bb16px\u00a0\u00bb content_letter_spacing=\u00a0\u00bb1px\u00a0\u00bb content_line_height=\u00a0\u00bb2em\u00a0\u00bb subhead_font=\u00a0\u00bbMontserrat|||on|||||\u00a0\u00bb subhead_text_align=\u00a0\u00bbcenter\u00a0\u00bb subhead_text_color=\u00a0\u00bb#FFFFFF\u00a0\u00bb subhead_font_size=\u00a0\u00bb20px\u00a0\u00bb subhead_letter_spacing=\u00a0\u00bb2px\u00a0\u00bb background_color=\u00a0\u00bbRGBA(255,255,255,0)\u00a0\u00bb background_image=\u00a0\u00bbhttps:\/\/genty.org\/storage\/2022\/02\/maitre_genty-1.png\u00a0\u00bb background_size=\u00a0\u00bbcontain\u00a0\u00bb background_position=\u00a0\u00bbcenter_right\u00a0\u00bb custom_button_one=\u00a0\u00bbon\u00a0\u00bb button_one_text_size=\u00a0\u00bb12px\u00a0\u00bb button_one_border_width=\u00a0\u00bb1px\u00a0\u00bb button_one_border_color=\u00a0\u00bbrgba(255,255,255,0.3)\u00a0\u00bb button_one_border_radius=\u00a0\u00bb0px\u00a0\u00bb button_one_letter_spacing=\u00a0\u00bb2px\u00a0\u00bb button_one_font=\u00a0\u00bbMontserrat|||on|||||\u00a0\u00bb button_one_icon=\u00a0\u00bb&#x24;||divi||400&Prime; button_one_icon_color=\u00a0\u00bb#ffffff\u00a0\u00bb button_one_custom_padding=\u00a0\u00bb10px|10px|10px|10px|true|true\u00a0\u00bb custom_button_two=\u00a0\u00bbon\u00a0\u00bb button_two_border_width=\u00a0\u00bb1px\u00a0\u00bb button_two_border_color=\u00a0\u00bbrgba(255,255,255,0.3)\u00a0\u00bb button_two_border_radius=\u00a0\u00bb0px\u00a0\u00bb button_two_letter_spacing=\u00a0\u00bb1px\u00a0\u00bb button_two_font=\u00a0\u00bbSaira Extra Condensed|600||on|||||\u00a0\u00bb button_two_icon=\u00a0\u00bb&#x24;||divi||400&Prime; button_two_icon_color=\u00a0\u00bb#edbb5f\u00a0\u00bb module_alignment=\u00a0\u00bbright\u00a0\u00bb custom_margin=\u00a0\u00bb||||false|false\u00a0\u00bb custom_padding=\u00a0\u00bb8%||8%|20%|false|false\u00a0\u00bb custom_padding_tablet=\u00a0\u00bb|||7%|false|false\u00a0\u00bb custom_padding_phone=\u00a0\u00bb\u00a0\u00bb custom_padding_last_edited=\u00a0\u00bbon|phone\u00a0\u00bb background_last_edited=\u00a0\u00bbon|desktop\u00a0\u00bb background_enable_image_phone=\u00a0\u00bboff\u00a0\u00bb button_one_text_color_hover=\u00a0\u00bb#edbb5f\u00a0\u00bb button_two_text_color_hover=\u00a0\u00bb#edbb5f\u00a0\u00bb button_one_bg_color_hover=\u00a0\u00bbrgba(0,0,0,0)\u00a0\u00bb button_two_bg_color_hover=\u00a0\u00bbrgba(0,0,0,0)\u00a0\u00bb global_colors_info=\u00a0\u00bb{}\u00a0\u00bb button_one_text_size__hover_enabled=\u00a0\u00bboff\u00a0\u00bb button_two_text_size__hover_enabled=\u00a0\u00bboff\u00a0\u00bb button_one_text_color__hover_enabled=\u00a0\u00bbon|hover\u00a0\u00bb button_one_text_color__hover=\u00a0\u00bb#A6AC24&Prime; button_two_text_color__hover_enabled=\u00a0\u00bbon\u00a0\u00bb button_two_text_color__hover=\u00a0\u00bb#edbb5f\u00a0\u00bb button_one_border_width__hover_enabled=\u00a0\u00bboff\u00a0\u00bb button_two_border_width__hover_enabled=\u00a0\u00bboff\u00a0\u00bb button_one_border_color__hover_enabled=\u00a0\u00bbon|hover\u00a0\u00bb button_one_border_color__hover=\u00a0\u00bb#A6AC24&Prime; button_two_border_color__hover_enabled=\u00a0\u00bboff\u00a0\u00bb button_one_border_radius__hover_enabled=\u00a0\u00bboff\u00a0\u00bb button_two_border_radius__hover_enabled=\u00a0\u00bboff\u00a0\u00bb button_one_letter_spacing__hover_enabled=\u00a0\u00bboff\u00a0\u00bb button_two_letter_spacing__hover_enabled=\u00a0\u00bboff\u00a0\u00bb button_one_bg_color__hover_enabled=\u00a0\u00bbon|hover\u00a0\u00bb button_one_bg_color__hover=\u00a0\u00bbrgba(0,0,0,0)\u00a0\u00bb button_two_bg_color__hover_enabled=\u00a0\u00bbon\u00a0\u00bb button_two_bg_color__hover=\u00a0\u00bbrgba(0,0,0,0)\u00a0\u00bb button_one_custom_padding__hover_enabled=\u00a0\u00bbon|hover\u00a0\u00bb button_one_custom_padding__hover=\u00a0\u00bb|25px|||true|false\u00a0\u00bb button_one_icon_color__hover_enabled=\u00a0\u00bbon|hover\u00a0\u00bb button_one_icon_color__hover=\u00a0\u00bb#A6AC24&Prime; filter_invert__hover_enabled=\u00a0\u00bboff|desktop\u00a0\u00bb][\/et_pb_fullwidth_header][\/et_pb_section][et_pb_section fb_built=\u00a0\u00bb1&Prime; disabled_on=\u00a0\u00bboff|off|off\u00a0\u00bb admin_label=\u00a0\u00bbL&rsquo;\u00e9quipe\u00a0\u00bb _builder_version=\u00a0\u00bb4.16&Prime; background_color=\u00a0\u00bbRGBA(255,255,255,0)\u00a0\u00bb custom_margin=\u00a0\u00bb|||\u00a0\u00bb custom_padding=\u00a0\u00bb80px||30px|||\u00a0\u00bb global_module=\u00a0\u00bb434&Prime; collapsed=\u00a0\u00bboff\u00a0\u00bb global_colors_info=\u00a0\u00bb{}\u00a0\u00bb][et_pb_row column_structure=\u00a0\u00bb1_2,1_2&Prime; use_custom_gutter=\u00a0\u00bbon\u00a0\u00bb gutter_width=\u00a0\u00bb2&Prime; admin_label=\u00a0\u00bbL&rsquo;\u00e9quipe\u00a0\u00bb _builder_version=\u00a0\u00bb4.17.3&Prime; width=\u00a0\u00bb90%\u00a0\u00bb module_alignment=\u00a0\u00bbcenter\u00a0\u00bb custom_margin=\u00a0\u00bb||0px||false|false\u00a0\u00bb custom_padding=\u00a0\u00bb||0px||false|false\u00a0\u00bb global_colors_info=\u00a0\u00bb{}\u00a0\u00bb][et_pb_column type=\u00a0\u00bb1_2&Prime; _builder_version=\u00a0\u00bb4.17.3&Prime; custom_padding=\u00a0\u00bb|||\u00a0\u00bb link_option_url=\u00a0\u00bb#genty\u00a0\u00bb global_colors_info=\u00a0\u00bb{}\u00a0\u00bb custom_padding__hover=\u00a0\u00bb|||\u00a0\u00bb][et_pb_blurb title=\u00a0\u00bbM\u00b0 Yves-No\u00ebl GENTY\u00a0\u00bb image=\u00a0\u00bbhttps:\/\/genty.org\/storage\/2022\/02\/maitre-genty-avocat.jpg\u00a0\u00bb admin_label=\u00a0\u00bbM\u00b0 GENTY\u00a0\u00bb _builder_version=\u00a0\u00bb4.17.3&Prime; _module_preset=\u00a0\u00bbdefault\u00a0\u00bb header_font=\u00a0\u00bbMontserrat|600|||||||\u00a0\u00bb header_text_align=\u00a0\u00bbcenter\u00a0\u00bb header_text_color=\u00a0\u00bb#310914&Prime; header_font_size=\u00a0\u00bb12px\u00a0\u00bb body_font=\u00a0\u00bbMontserrat||||||||\u00a0\u00bb body_text_align=\u00a0\u00bbcenter\u00a0\u00bb body_text_color=\u00a0\u00bb#A6AC24&Prime; body_font_size=\u00a0\u00bb12px\u00a0\u00bb width=\u00a0\u00bb250px\u00a0\u00bb module_alignment=\u00a0\u00bbcenter\u00a0\u00bb link_option_url=\u00a0\u00bb#genty\u00a0\u00bb global_colors_info=\u00a0\u00bb{}\u00a0\u00bb child_filter_hue_rotate__hover_enabled=\u00a0\u00bbon|hover\u00a0\u00bb body_text_color__hover_enabled=\u00a0\u00bbon|hover\u00a0\u00bb body_text_color__hover=\u00a0\u00bb#310914&Prime; child_filter_brightness__hover_enabled=\u00a0\u00bbon|hover\u00a0\u00bb child_filter_brightness__hover=\u00a0\u00bb90%\u00a0\u00bb child_filter_opacity__hover_enabled=\u00a0\u00bboff|desktop\u00a0\u00bb]<\/p>\n<hr \/>\n<p style=\"text-align: center;\">Avocat associ\u00e9<\/p>\n<p>[\/et_pb_blurb][\/et_pb_column][et_pb_column type=\u00a0\u00bb1_2&Prime; _builder_version=\u00a0\u00bb4.16&Prime; custom_padding=\u00a0\u00bb|||\u00a0\u00bb global_colors_info=\u00a0\u00bb{}\u00a0\u00bb custom_padding__hover=\u00a0\u00bb|||\u00a0\u00bb][et_pb_blurb title=\u00a0\u00bbM\u00b0 C\u00e9cile GOHIER\u00a0\u00bb image=\u00a0\u00bbhttps:\/\/genty.org\/storage\/2022\/02\/maitre-gohier-cecile-avocate.jpg\u00a0\u00bb alt=\u00a0\u00bbAvocate C\u00e9cile GOHIER\u00a0\u00bb admin_label=\u00a0\u00bbM\u00b0 GOHIER\u00a0\u00bb _builder_version=\u00a0\u00bb4.18.0&Prime; _module_preset=\u00a0\u00bbdefault\u00a0\u00bb header_font=\u00a0\u00bbMontserrat|600|||||||\u00a0\u00bb header_text_align=\u00a0\u00bbcenter\u00a0\u00bb header_text_color=\u00a0\u00bb#310914&Prime; header_font_size=\u00a0\u00bb12px\u00a0\u00bb body_font=\u00a0\u00bbMontserrat||||||||\u00a0\u00bb body_text_align=\u00a0\u00bbcenter\u00a0\u00bb body_text_color=\u00a0\u00bb#A6AC24&Prime; body_font_size=\u00a0\u00bb12px\u00a0\u00bb width=\u00a0\u00bb250px\u00a0\u00bb module_alignment=\u00a0\u00bbcenter\u00a0\u00bb link_option_url=\u00a0\u00bb#gohier\u00a0\u00bb global_colors_info=\u00a0\u00bb{}\u00a0\u00bb child_filter_opacity__hover_enabled=\u00a0\u00bbon|hover\u00a0\u00bb body_text_color__hover_enabled=\u00a0\u00bbon|hover\u00a0\u00bb body_text_color__hover=\u00a0\u00bb#310914&Prime; child_filter_brightness__hover_enabled=\u00a0\u00bbon|hover\u00a0\u00bb child_filter_brightness__hover=\u00a0\u00bb90%\u00a0\u00bb]<\/p>\n<hr \/>\n<p style=\"text-align: center;\">Avocate associ\u00e9e<\/p>\n<p>[\/et_pb_blurb][\/et_pb_column][\/et_pb_row][\/et_pb_section][et_pb_section fb_built=\u00a0\u00bb1&Prime; admin_label=\u00a0\u00bbM\u00b0 Yves-No\u00ebl GENTY\u00a0\u00bb _builder_version=\u00a0\u00bb4.16&Prime; _module_preset=\u00a0\u00bbdefault\u00a0\u00bb background_color=\u00a0\u00bbrgba(0,0,0,0.05)\u00a0\u00bb custom_padding=\u00a0\u00bb55px||80px|||\u00a0\u00bb top_divider_style=\u00a0\u00bbslant\u00a0\u00bb top_divider_color=\u00a0\u00bb#FFFFFF\u00a0\u00bb bottom_divider_style=\u00a0\u00bbslant\u00a0\u00bb bottom_divider_color=\u00a0\u00bb#FFFFFF\u00a0\u00bb global_colors_info=\u00a0\u00bb{}\u00a0\u00bb][et_pb_row module_id=\u00a0\u00bbgenty\u00a0\u00bb _builder_version=\u00a0\u00bb4.16&Prime; _module_preset=\u00a0\u00bbdefault\u00a0\u00bb global_colors_info=\u00a0\u00bb{}\u00a0\u00bb][et_pb_column type=\u00a0\u00bb4_4&Prime; _builder_version=\u00a0\u00bb4.16&Prime; _module_preset=\u00a0\u00bbdefault\u00a0\u00bb global_colors_info=\u00a0\u00bb{}\u00a0\u00bb][et_pb_text admin_label=\u00a0\u00bbNom\u00a0\u00bb _builder_version=\u00a0\u00bb4.16&Prime; _module_preset=\u00a0\u00bbdefault\u00a0\u00bb header_2_font=\u00a0\u00bbMontserrat|600|||||||\u00a0\u00bb header_2_text_align=\u00a0\u00bbleft\u00a0\u00bb header_2_text_color=\u00a0\u00bb#64002C\u00a0\u00bb header_2_font_size=\u00a0\u00bb25px\u00a0\u00bb header_2_letter_spacing=\u00a0\u00bb1px\u00a0\u00bb custom_margin=\u00a0\u00bb||1px|||\u00a0\u00bb global_colors_info=\u00a0\u00bb{}\u00a0\u00bb]<\/p>\n<h2>M\u00b0 Yves-No\u00ebl GENTY<\/h2>\n<p>[\/et_pb_text][et_pb_text admin_label=\u00a0\u00bbPoste\u00a0\u00bb _builder_version=\u00a0\u00bb4.27.4&Prime; _module_preset=\u00a0\u00bbdefault\u00a0\u00bb header_3_font=\u00a0\u00bbMontserrat|||on|||||\u00a0\u00bb header_3_text_align=\u00a0\u00bbleft\u00a0\u00bb header_3_text_color=\u00a0\u00bb#A6AC24&Prime; header_3_font_size=\u00a0\u00bb15px\u00a0\u00bb header_3_letter_spacing=\u00a0\u00bb1px\u00a0\u00bb custom_margin=\u00a0\u00bb||0px||false|false\u00a0\u00bb custom_padding=\u00a0\u00bb||0px||false|false\u00a0\u00bb global_colors_info=\u00a0\u00bb{}\u00a0\u00bb]<\/p>\n<h3>Avocat associ\u00e9<\/h3>\n<p>[\/et_pb_text][\/et_pb_column][\/et_pb_row][et_pb_row column_structure=\u00a0\u00bb1_3,2_3&Prime; _builder_version=\u00a0\u00bb4.16&Prime; _module_preset=\u00a0\u00bbdefault\u00a0\u00bb custom_margin=\u00a0\u00bb0px||||false|false\u00a0\u00bb custom_padding=\u00a0\u00bb0px||||false|false\u00a0\u00bb global_colors_info=\u00a0\u00bb{}\u00a0\u00bb][et_pb_column type=\u00a0\u00bb1_3&Prime; _builder_version=\u00a0\u00bb4.16&Prime; _module_preset=\u00a0\u00bbdefault\u00a0\u00bb global_colors_info=\u00a0\u00bb{}\u00a0\u00bb][et_pb_image src=\u00a0\u00bbhttps:\/\/genty.org\/storage\/2022\/02\/maitre-genty-avocat.jpg\u00a0\u00bb alt=\u00a0\u00bbAvocat Yves-No\u00ebl GENTY\u00a0\u00bb title_text=\u00a0\u00bbmaitre-genty-avocat\u00a0\u00bb admin_label=\u00a0\u00bbImage\u00a0\u00bb _builder_version=\u00a0\u00bb4.16&Prime; _module_preset=\u00a0\u00bbdefault\u00a0\u00bb global_colors_info=\u00a0\u00bb{}\u00a0\u00bb][\/et_pb_image][\/et_pb_column][et_pb_column type=\u00a0\u00bb2_3&Prime; _builder_version=\u00a0\u00bb4.16&Prime; _module_preset=\u00a0\u00bbdefault\u00a0\u00bb global_colors_info=\u00a0\u00bb{}\u00a0\u00bb][et_pb_text admin_label=\u00a0\u00bbintro\u00a0\u00bb _builder_version=\u00a0\u00bb4.16&Prime; _module_preset=\u00a0\u00bbdefault\u00a0\u00bb text_font=\u00a0\u00bbPlayfair Display||||||||\u00a0\u00bb text_text_color=\u00a0\u00bb#64002C\u00a0\u00bb text_font_size=\u00a0\u00bb17px\u00a0\u00bb header_3_font=\u00a0\u00bbMontserrat|||on|||||\u00a0\u00bb header_3_text_align=\u00a0\u00bbleft\u00a0\u00bb header_3_text_color=\u00a0\u00bb#A6AC24&Prime; header_3_font_size=\u00a0\u00bb15px\u00a0\u00bb header_3_letter_spacing=\u00a0\u00bb1px\u00a0\u00bb custom_margin=\u00a0\u00bb||6px||false|false\u00a0\u00bb custom_padding=\u00a0\u00bb||0px||false|false\u00a0\u00bb global_colors_info=\u00a0\u00bb{}\u00a0\u00bb]<\/p>\n<p class=\"p1\"><em>Fondateur du Cabinet en mai 1990.<span class=\"Apple-converted-space\">\u00a0<\/span><\/em><\/p>\n<p>[\/et_pb_text][et_pb_text _builder_version=\u00a0\u00bb4.27.4&Prime; _module_preset=\u00a0\u00bbdefault\u00a0\u00bb text_text_color=\u00a0\u00bb#310914&Prime; text_line_height=\u00a0\u00bb1.5em\u00a0\u00bb link_text_color=\u00a0\u00bb#64002C\u00a0\u00bb header_3_font=\u00a0\u00bbMontserrat||||||||\u00a0\u00bb header_3_text_color=\u00a0\u00bb#000000&Prime; header_3_font_size=\u00a0\u00bb14px\u00a0\u00bb hover_enabled=\u00a0\u00bb0&Prime; global_colors_info=\u00a0\u00bb{}\u00a0\u00bb link_text_color__hover_enabled=\u00a0\u00bbon|hover\u00a0\u00bb link_text_color__hover=\u00a0\u00bb#A6AC24&Prime; sticky_enabled=\u00a0\u00bb0&Prime;]<\/p>\n<p><strong>Son parcours<\/strong><br \/>Maitrise en droit public (Poitiers), DEA de Droit Europ\u00e9en (<a href=\"https:\/\/www.pantheonsorbonne.fr\/accueil\">Paris I Panth\u00e9on-Sorbonne<\/a>), DEA d\u2019Histoire des institutions et des id\u00e9es politiques (<a href=\"https:\/\/www.u-paris2.fr\/fr\">Paris II Assas<\/a>), licence \u00e8s lettres. Docteur en Droit. Avocat sp\u00e9cialiste en Droit Public. A enseign\u00e9 pendant 15 ans en Facult\u00e9 de Droit et \u00e0 l\u2019<a href=\"https:\/\/ices.fr\/\">ICES de La Roche Sur Yon<\/a>. Ancien B\u00e2tonnier du <a href=\"https:\/\/www.barreaudessablesdolonne.fr\/\">Barreau des Sables d\u2019Olonne<\/a>.\u00a0<\/p>\n<p><strong>Ses activit\u00e9s<\/strong><br \/>\u00c0 c\u00f4t\u00e9 de son r\u00f4le de coordination du Cabinet, il exerce son activit\u00e9 aupr\u00e8s de clients priv\u00e9s et publics r\u00e9partis sur l\u2019ensemble du territoire national.<br \/>Il partage son temps entre le contentieux administratif (urbanisme, responsabilit\u00e9 m\u00e9dicale, expropriation, environnement etc\u2026) et le droit du patrimoine (liquidations-partages, successions, ventes, litiges de propri\u00e9t\u00e9 etc\u2026) o\u00f9 son expertise, fruit d\u2019une longue pratique, lui permet d\u2019appr\u00e9hender des situations juridiques complexes avec une rigueur d\u2019analyse qui n\u2019emp\u00eache pas l\u2019astuce et la cr\u00e9ativit\u00e9.<\/p>\n<p>[\/et_pb_text][\/et_pb_column][\/et_pb_row][\/et_pb_section][et_pb_section fb_built=\u00a0\u00bb1&Prime; admin_label=\u00a0\u00bbM\u00b0 C\u00e9cile GOHIER\u00a0\u00bb _builder_version=\u00a0\u00bb4.16&Prime; _module_preset=\u00a0\u00bbdefault\u00a0\u00bb background_color=\u00a0\u00bbRGBA(255,255,255,0)\u00a0\u00bb custom_padding=\u00a0\u00bb30px||50px|||\u00a0\u00bb top_divider_style=\u00a0\u00bbslant\u00a0\u00bb top_divider_color=\u00a0\u00bb#FFFFFF\u00a0\u00bb bottom_divider_style=\u00a0\u00bbslant\u00a0\u00bb bottom_divider_color=\u00a0\u00bb#FFFFFF\u00a0\u00bb global_colors_info=\u00a0\u00bb{}\u00a0\u00bb][et_pb_row module_id=\u00a0\u00bbgohier\u00a0\u00bb _builder_version=\u00a0\u00bb4.16&Prime; _module_preset=\u00a0\u00bbdefault\u00a0\u00bb global_colors_info=\u00a0\u00bb{}\u00a0\u00bb][et_pb_column type=\u00a0\u00bb4_4&Prime; _builder_version=\u00a0\u00bb4.16&Prime; _module_preset=\u00a0\u00bbdefault\u00a0\u00bb global_colors_info=\u00a0\u00bb{}\u00a0\u00bb][et_pb_text admin_label=\u00a0\u00bbNom\u00a0\u00bb _builder_version=\u00a0\u00bb4.16&Prime; _module_preset=\u00a0\u00bbdefault\u00a0\u00bb header_2_font=\u00a0\u00bbMontserrat|600|||||||\u00a0\u00bb header_2_text_align=\u00a0\u00bbleft\u00a0\u00bb header_2_text_color=\u00a0\u00bb#64002C\u00a0\u00bb header_2_font_size=\u00a0\u00bb25px\u00a0\u00bb header_2_letter_spacing=\u00a0\u00bb1px\u00a0\u00bb custom_margin=\u00a0\u00bb||1px|||\u00a0\u00bb global_colors_info=\u00a0\u00bb{}\u00a0\u00bb]<\/p>\n<h2>M\u00b0 C\u00e9cile GOHIER<\/h2>\n<p>[\/et_pb_text][et_pb_text admin_label=\u00a0\u00bbPoste\u00a0\u00bb _builder_version=\u00a0\u00bb4.16&Prime; _module_preset=\u00a0\u00bbdefault\u00a0\u00bb header_3_font=\u00a0\u00bbMontserrat|||on|||||\u00a0\u00bb header_3_text_align=\u00a0\u00bbleft\u00a0\u00bb header_3_text_color=\u00a0\u00bb#A6AC24&Prime; header_3_font_size=\u00a0\u00bb15px\u00a0\u00bb header_3_letter_spacing=\u00a0\u00bb1px\u00a0\u00bb custom_margin=\u00a0\u00bb||0px||false|false\u00a0\u00bb custom_padding=\u00a0\u00bb||0px||false|false\u00a0\u00bb global_colors_info=\u00a0\u00bb{}\u00a0\u00bb]<\/p>\n<h3>Avocate associ\u00e9e<\/h3>\n<p>[\/et_pb_text][\/et_pb_column][\/et_pb_row][et_pb_row column_structure=\u00a0\u00bb1_3,2_3&Prime; _builder_version=\u00a0\u00bb4.16&Prime; _module_preset=\u00a0\u00bbdefault\u00a0\u00bb custom_margin=\u00a0\u00bb0px||||false|false\u00a0\u00bb custom_padding=\u00a0\u00bb0px||||false|false\u00a0\u00bb global_colors_info=\u00a0\u00bb{}\u00a0\u00bb][et_pb_column type=\u00a0\u00bb1_3&Prime; _builder_version=\u00a0\u00bb4.16&Prime; _module_preset=\u00a0\u00bbdefault\u00a0\u00bb global_colors_info=\u00a0\u00bb{}\u00a0\u00bb][et_pb_image src=\u00a0\u00bbhttps:\/\/genty.org\/storage\/2022\/09\/CG.jpg\u00a0\u00bb alt=\u00a0\u00bbAvocate C\u00e9cile GOHIER\u00a0\u00bb title_text=\u00a0\u00bbCG\u00a0\u00bb admin_label=\u00a0\u00bbImage\u00a0\u00bb _builder_version=\u00a0\u00bb4.18.0&Prime; _module_preset=\u00a0\u00bbdefault\u00a0\u00bb global_colors_info=\u00a0\u00bb{}\u00a0\u00bb][\/et_pb_image][\/et_pb_column][et_pb_column type=\u00a0\u00bb2_3&Prime; _builder_version=\u00a0\u00bb4.16&Prime; _module_preset=\u00a0\u00bbdefault\u00a0\u00bb global_colors_info=\u00a0\u00bb{}\u00a0\u00bb][et_pb_text admin_label=\u00a0\u00bbintro\u00a0\u00bb _builder_version=\u00a0\u00bb4.16&Prime; _module_preset=\u00a0\u00bbdefault\u00a0\u00bb text_font=\u00a0\u00bbPlayfair Display||||||||\u00a0\u00bb text_text_color=\u00a0\u00bb#64002C\u00a0\u00bb text_font_size=\u00a0\u00bb17px\u00a0\u00bb text_letter_spacing=\u00a0\u00bb0.1px\u00a0\u00bb header_3_font=\u00a0\u00bbMontserrat|||on|||||\u00a0\u00bb header_3_text_align=\u00a0\u00bbleft\u00a0\u00bb header_3_text_color=\u00a0\u00bb#A6AC24&Prime; header_3_font_size=\u00a0\u00bb15px\u00a0\u00bb header_3_letter_spacing=\u00a0\u00bb1px\u00a0\u00bb custom_margin=\u00a0\u00bb||6px||false|false\u00a0\u00bb custom_padding=\u00a0\u00bb||0px||false|false\u00a0\u00bb global_colors_info=\u00a0\u00bb{}\u00a0\u00bb]<\/p>\n<p class=\"p1\"><em>L\u2019avocature est pour elle une v\u00e9ritable vocation.<br \/><\/em><em>Elle met sa d\u00e9termination et son engagement au service de ses clients.<\/em><\/p>\n<p>[\/et_pb_text][et_pb_text _builder_version=\u00a0\u00bb4.27.4&Prime; _module_preset=\u00a0\u00bbdefault\u00a0\u00bb text_text_color=\u00a0\u00bb#310914&Prime; text_line_height=\u00a0\u00bb1.5em\u00a0\u00bb link_text_color=\u00a0\u00bb#64002C\u00a0\u00bb header_3_font=\u00a0\u00bbMontserrat||||||||\u00a0\u00bb header_3_text_color=\u00a0\u00bb#000000&Prime; header_3_font_size=\u00a0\u00bb14px\u00a0\u00bb global_colors_info=\u00a0\u00bb{}\u00a0\u00bb link_text_color__hover_enabled=\u00a0\u00bbon|hover\u00a0\u00bb link_text_color__hover=\u00a0\u00bb#A6AC24&Prime;]<\/p>\n<p><strong>Son parcours<br \/><\/strong>Titulaire d\u2019un Master II Droit de l\u2019entreprise et des soci\u00e9t\u00e9s obtenu \u00e0 la Facult\u00e9 d\u2019ANGERS. Titulaire du Certificat d\u2019Aptitude \u00e0 la profession d\u2019Avocat depuis 2012.<\/p>\n<p><strong>Ses activit\u00e9s<br \/><\/strong>G\u00e9n\u00e9raliste, elle a d\u00e9velopp\u00e9 au fil de ses ann\u00e9es de pratique une comp\u00e9tence approfondie en droit de la famille. Elle vous accompagne ainsi dans tous vos litiges familiaux : s\u00e9paration, divorce, liquidation d\u2019indivision\u2026 Elle a \u00e0 c\u0153ur de vous conseiller et vous accompagner dans ces moments de vie en apportant une vision juridique permettant de r\u00e9pondre au mieux \u00e0 vos besoins et trouver une issue amiable ou judiciaire la plus favorable possible. Elle intervient \u00e9galement r\u00e9guli\u00e8rement en droit immobilier et de la construction\u00a0: d\u00e9sordres contractuels ou d\u00e9cennaux, contentieux li\u00e9s \u00e0 l\u2019ex\u00e9cution de travaux, impay\u00e9s, d\u00e9faut de conseil, vices cach\u00e9s, vente litigieuse\u2026<span class=\"Apple-converted-space\"> <\/span>Autant de difficult\u00e9s pour lesquelles elle saura vous livrer une analyse juridique pertinente et vous accompagner<\/p>\n<p>[\/et_pb_text][\/et_pb_column][\/et_pb_row][\/et_pb_section]<\/p>\n","protected":false},"excerpt":{"rendered":"<p>Avocat associ\u00e9 Avocate associ\u00e9eM\u00b0 Yves-No\u00ebl GENTYAvocat associ\u00e9Fondateur du Cabinet en mai 1990.\u00a0Son parcoursMaitrise en droit public (Poitiers), DEA de Droit Europ\u00e9en (Paris I Panth\u00e9on-Sorbonne), DEA d\u2019Histoire des institutions et des id\u00e9es politiques (Paris II Assas), licence \u00e8s lettres. Docteur en Droit. Avocat sp\u00e9cialiste en Droit Public. A enseign\u00e9 pendant 15 ans en Facult\u00e9 de Droit [&hellip;]<\/p>\n","protected":false},"author":1,"featured_media":16,"parent":0,"menu_order":0,"comment_status":"closed","ping_status":"closed","template":"","meta":{"_et_pb_use_builder":"on","_et_pb_old_content":"","_et_gb_content_width":"","footnotes":""},"class_list":["post-244","page","type-page","status-publish","has-post-thumbnail","hentry"],"yoast_head":"<!-- This site is optimized with the Yoast SEO plugin v26.9 - https:\/\/yoast.com\/product\/yoast-seo-wordpress\/ -->\n<title>L&#039;\u00e9quipe - Cabinet d&#039;Avocats GENTY<\/title>\n<meta name=\"description\" content=\"Voici l&#039;\u00e9quipe du CABINET D&#039;AVOCAT GENTY : M\u00b0 Yves-No\u00ebl GENTY, M\u00b0 C\u00e9cile GOHIER, M\u00b0 Anne-Sophie CHEVALLIER, Nathalie REMAUD &amp; Fanny LONGIN\" \/>\n<meta name=\"robots\" content=\"index, follow, max-snippet:-1, max-image-preview:large, max-video-preview:-1\" \/>\n<link rel=\"canonical\" href=\"https:\/\/genty.org\/equipe-avocats\/\" \/>\n<meta property=\"og:locale\" content=\"fr_FR\" \/>\n<meta property=\"og:type\" content=\"article\" \/>\n<meta property=\"og:title\" content=\"L&#039;\u00e9quipe - Cabinet d&#039;Avocats GENTY\" \/>\n<meta property=\"og:description\" content=\"Voici l&#039;\u00e9quipe du CABINET D&#039;AVOCAT GENTY : M\u00b0 Yves-No\u00ebl GENTY, M\u00b0 C\u00e9cile GOHIER, M\u00b0 Anne-Sophie CHEVALLIER, Nathalie REMAUD &amp; Fanny LONGIN\" \/>\n<meta property=\"og:url\" content=\"https:\/\/genty.org\/equipe-avocats\/\" \/>\n<meta property=\"og:site_name\" content=\"Cabinet d&#039;Avocats GENTY\" \/>\n<meta property=\"article:modified_time\" content=\"2025-12-09T17:43:19+00:00\" \/>\n<meta property=\"og:image\" content=\"https:\/\/genty.org\/wp-content\/uploads\/2022\/02\/maitre-genty-avocat.jpg\" \/>\n\t<meta property=\"og:image:width\" content=\"500\" \/>\n\t<meta property=\"og:image:height\" content=\"500\" \/>\n\t<meta property=\"og:image:type\" content=\"image\/jpeg\" \/>\n<meta name=\"twitter:card\" content=\"summary_large_image\" \/>\n<meta name=\"twitter:label1\" content=\"Dur\u00e9e de lecture estim\u00e9e\" \/>\n\t<meta name=\"twitter:data1\" content=\"3 minutes\" \/>\n<script type=\"application\/ld+json\" class=\"yoast-schema-graph\">{\"@context\":\"https:\/\/schema.org\",\"@graph\":[{\"@type\":\"WebPage\",\"@id\":\"https:\/\/genty.org\/equipe-avocats\/\",\"url\":\"https:\/\/genty.org\/equipe-avocats\/\",\"name\":\"L'\u00e9quipe - Cabinet d&#039;Avocats GENTY\",\"isPartOf\":{\"@id\":\"https:\/\/genty.org\/#website\"},\"primaryImageOfPage\":{\"@id\":\"https:\/\/genty.org\/equipe-avocats\/#primaryimage\"},\"image\":{\"@id\":\"https:\/\/genty.org\/equipe-avocats\/#primaryimage\"},\"thumbnailUrl\":\"https:\/\/genty.org\/wp-content\/uploads\/2022\/02\/maitre-genty-avocat.jpg\",\"datePublished\":\"2022-02-23T13:22:20+00:00\",\"dateModified\":\"2025-12-09T17:43:19+00:00\",\"description\":\"Voici l'\u00e9quipe du CABINET D'AVOCAT GENTY : M\u00b0 Yves-No\u00ebl GENTY, M\u00b0 C\u00e9cile GOHIER, M\u00b0 Anne-Sophie CHEVALLIER, Nathalie REMAUD & Fanny LONGIN\",\"breadcrumb\":{\"@id\":\"https:\/\/genty.org\/equipe-avocats\/#breadcrumb\"},\"inLanguage\":\"fr-FR\",\"potentialAction\":[{\"@type\":\"ReadAction\",\"target\":[\"https:\/\/genty.org\/equipe-avocats\/\"]}]},{\"@type\":\"ImageObject\",\"inLanguage\":\"fr-FR\",\"@id\":\"https:\/\/genty.org\/equipe-avocats\/#primaryimage\",\"url\":\"https:\/\/genty.org\/wp-content\/uploads\/2022\/02\/maitre-genty-avocat.jpg\",\"contentUrl\":\"https:\/\/genty.org\/wp-content\/uploads\/2022\/02\/maitre-genty-avocat.jpg\",\"width\":500,\"height\":500,\"caption\":\"Avocat Yves-No\u00ebl GENTY\"},{\"@type\":\"BreadcrumbList\",\"@id\":\"https:\/\/genty.org\/equipe-avocats\/#breadcrumb\",\"itemListElement\":[{\"@type\":\"ListItem\",\"position\":1,\"name\":\"Accueil\",\"item\":\"https:\/\/genty.org\/\"},{\"@type\":\"ListItem\",\"position\":2,\"name\":\"L&rsquo;\u00e9quipe\"}]},{\"@type\":\"WebSite\",\"@id\":\"https:\/\/genty.org\/#website\",\"url\":\"https:\/\/genty.org\/\",\"name\":\"Cabinet d&#039;Avocats GENTY\",\"description\":\"Faire pencher la balance de votre c\u00f4t\u00e9\",\"potentialAction\":[{\"@type\":\"SearchAction\",\"target\":{\"@type\":\"EntryPoint\",\"urlTemplate\":\"https:\/\/genty.org\/?s={search_term_string}\"},\"query-input\":{\"@type\":\"PropertyValueSpecification\",\"valueRequired\":true,\"valueName\":\"search_term_string\"}}],\"inLanguage\":\"fr-FR\"}]}<\/script>\n<!-- \/ Yoast SEO plugin. -->","yoast_head_json":{"title":"L'\u00e9quipe - Cabinet d&#039;Avocats GENTY","description":"Voici l'\u00e9quipe du CABINET D'AVOCAT GENTY : M\u00b0 Yves-No\u00ebl GENTY, M\u00b0 C\u00e9cile GOHIER, M\u00b0 Anne-Sophie CHEVALLIER, Nathalie REMAUD & Fanny LONGIN","robots":{"index":"index","follow":"follow","max-snippet":"max-snippet:-1","max-image-preview":"max-image-preview:large","max-video-preview":"max-video-preview:-1"},"canonical":"https:\/\/genty.org\/equipe-avocats\/","og_locale":"fr_FR","og_type":"article","og_title":"L'\u00e9quipe - Cabinet d&#039;Avocats GENTY","og_description":"Voici l'\u00e9quipe du CABINET D'AVOCAT GENTY : M\u00b0 Yves-No\u00ebl GENTY, M\u00b0 C\u00e9cile GOHIER, M\u00b0 Anne-Sophie CHEVALLIER, Nathalie REMAUD & Fanny LONGIN","og_url":"https:\/\/genty.org\/equipe-avocats\/","og_site_name":"Cabinet d&#039;Avocats GENTY","article_modified_time":"2025-12-09T17:43:19+00:00","og_image":[{"width":500,"height":500,"url":"https:\/\/genty.org\/wp-content\/uploads\/2022\/02\/maitre-genty-avocat.jpg","type":"image\/jpeg"}],"twitter_card":"summary_large_image","twitter_misc":{"Dur\u00e9e de lecture estim\u00e9e":"3 minutes"},"schema":{"@context":"https:\/\/schema.org","@graph":[{"@type":"WebPage","@id":"https:\/\/genty.org\/equipe-avocats\/","url":"https:\/\/genty.org\/equipe-avocats\/","name":"L'\u00e9quipe - Cabinet d&#039;Avocats GENTY","isPartOf":{"@id":"https:\/\/genty.org\/#website"},"primaryImageOfPage":{"@id":"https:\/\/genty.org\/equipe-avocats\/#primaryimage"},"image":{"@id":"https:\/\/genty.org\/equipe-avocats\/#primaryimage"},"thumbnailUrl":"https:\/\/genty.org\/wp-content\/uploads\/2022\/02\/maitre-genty-avocat.jpg","datePublished":"2022-02-23T13:22:20+00:00","dateModified":"2025-12-09T17:43:19+00:00","description":"Voici l'\u00e9quipe du CABINET D'AVOCAT GENTY : M\u00b0 Yves-No\u00ebl GENTY, M\u00b0 C\u00e9cile GOHIER, M\u00b0 Anne-Sophie CHEVALLIER, Nathalie REMAUD & Fanny LONGIN","breadcrumb":{"@id":"https:\/\/genty.org\/equipe-avocats\/#breadcrumb"},"inLanguage":"fr-FR","potentialAction":[{"@type":"ReadAction","target":["https:\/\/genty.org\/equipe-avocats\/"]}]},{"@type":"ImageObject","inLanguage":"fr-FR","@id":"https:\/\/genty.org\/equipe-avocats\/#primaryimage","url":"https:\/\/genty.org\/wp-content\/uploads\/2022\/02\/maitre-genty-avocat.jpg","contentUrl":"https:\/\/genty.org\/wp-content\/uploads\/2022\/02\/maitre-genty-avocat.jpg","width":500,"height":500,"caption":"Avocat Yves-No\u00ebl GENTY"},{"@type":"BreadcrumbList","@id":"https:\/\/genty.org\/equipe-avocats\/#breadcrumb","itemListElement":[{"@type":"ListItem","position":1,"name":"Accueil","item":"https:\/\/genty.org\/"},{"@type":"ListItem","position":2,"name":"L&rsquo;\u00e9quipe"}]},{"@type":"WebSite","@id":"https:\/\/genty.org\/#website","url":"https:\/\/genty.org\/","name":"Cabinet d&#039;Avocats GENTY","description":"Faire pencher la balance de votre c\u00f4t\u00e9","potentialAction":[{"@type":"SearchAction","target":{"@type":"EntryPoint","urlTemplate":"https:\/\/genty.org\/?s={search_term_string}"},"query-input":{"@type":"PropertyValueSpecification","valueRequired":true,"valueName":"search_term_string"}}],"inLanguage":"fr-FR"}]}},"_links":{"self":[{"href":"https:\/\/genty.org\/api\/wp\/v2\/pages\/244","targetHints":{"allow":["GET"]}}],"collection":[{"href":"https:\/\/genty.org\/api\/wp\/v2\/pages"}],"about":[{"href":"https:\/\/genty.org\/api\/wp\/v2\/types\/page"}],"author":[{"embeddable":true,"href":"https:\/\/genty.org\/api\/wp\/v2\/users\/1"}],"replies":[{"embeddable":true,"href":"https:\/\/genty.org\/api\/wp\/v2\/comments?post=244"}],"version-history":[{"count":45,"href":"https:\/\/genty.org\/api\/wp\/v2\/pages\/244\/revisions"}],"predecessor-version":[{"id":853,"href":"https:\/\/genty.org\/api\/wp\/v2\/pages\/244\/revisions\/853"}],"wp:featuredmedia":[{"embeddable":true,"href":"https:\/\/genty.org\/api\/wp\/v2\/media\/16"}],"wp:attachment":[{"href":"https:\/\/genty.org\/api\/wp\/v2\/media?parent=244"}],"curies":[{"name":"wp","href":"https:\/\/api.w.org\/{rel}","templated":true}]}}